{"id":1926,"date":"2017-02-13T18:36:01","date_gmt":"2017-02-13T16:36:01","guid":{"rendered":"https:\/\/www.grupolagunes.com\/lagunes-gourmet\/olivenol-virgen-extra\/"},"modified":"2017-10-27T09:57:10","modified_gmt":"2017-10-27T07:57:10","slug":"olivenol-virgen-extra","status":"publish","type":"page","link":"https:\/\/www.grupolagunes.com\/de\/lagunes-gourmet\/olivenol-virgen-extra\/","title":{"rendered":"Oliven\u00f6l Virgen Extra"},"content":{"rendered":"\t\t<div data-elementor-type=\"wp-page\" data-elementor-id=\"1926\" class=\"elementor elementor-1926 elementor-854 elementor-bc-flex-widget\">\n\t\t\t\t\t\t<div class=\"elementor-inner\">\n\t\t\t\t<div class=\"elementor-section-wrap\">\n\t\t\t\t\t\t\t\t\t<section class=\"elementor-section elementor-top-section elementor-element elementor-element-vwsl96a elementor-section-full_width elementor-section-height-default elementor-section-height-default\" data-id=\"vwsl96a\" data-element_type=\"section\">\n\t\t\t\t\t\t<div class=\"elementor-container elementor-column-gap-no\">\n\t\t\t\t\t\t\t<div class=\"elementor-row\">\n\t\t\t\t\t<div class=\"elementor-column elementor-col-100 elementor-top-column elementor-element elementor-element-5khk82k\" data-id=\"5khk82k\" data-element_type=\"column\">\n\t\t\t<div class=\"elementor-column-wrap elementor-element-populated\">\n\t\t\t\t\t\t\t<div class=\"elementor-widget-wrap\">\n\t\t\t\t\t\t<div class=\"elementor-element elementor-element-nrbolta elementor-widget elementor-widget-image\" data-id=\"nrbolta\" data-element_type=\"widget\" data-widget_type=\"image.default\">\n\t\t\t\t<div class=\"elementor-widget-container\">\n\t\t\t\t\t\t\t\t<div class=\"elementor-image\">\n\t\t\t\t\t\t\t\t\t\t\t\t<img width=\"2000\" height=\"910\" src=\"https:\/\/www.grupolagunes.com\/wp-content\/uploads\/2017\/02\/campo-olivos-aceite-oliva-virgen-extra.jpg\" class=\"attachment-full size-full\" alt=\"Aceite de Oliva Virgen Extra Lagunes\" loading=\"lazy\" srcset=\"https:\/\/www.grupolagunes.com\/wp-content\/uploads\/2017\/02\/campo-olivos-aceite-oliva-virgen-extra.jpg 2000w, https:\/\/www.grupolagunes.com\/wp-content\/uploads\/2017\/02\/campo-olivos-aceite-oliva-virgen-extra-300x137.jpg 300w, https:\/\/www.grupolagunes.com\/wp-content\/uploads\/2017\/02\/campo-olivos-aceite-oliva-virgen-extra-768x349.jpg 768w, https:\/\/www.grupolagunes.com\/wp-content\/uploads\/2017\/02\/campo-olivos-aceite-oliva-virgen-extra-1024x466.jpg 1024w\" sizes=\"(max-width: 2000px) 100vw, 2000px\" \/>\t\t\t\t\t\t\t\t\t\t\t\t\t\t<\/div>\n\t\t\t\t\t\t<\/div>\n\t\t\t\t<\/div>\n\t\t\t\t\t\t<\/div>\n\t\t\t\t\t<\/div>\n\t\t<\/div>\n\t\t\t\t\t\t\t\t<\/div>\n\t\t\t\t\t<\/div>\n\t\t<\/section>\n\t\t\t\t<section class=\"elementor-section elementor-top-section elementor-element elementor-element-4b3qbas elementor-section-boxed elementor-section-height-default elementor-section-height-default\" data-id=\"4b3qbas\" data-element_type=\"section\" data-settings=\"{&quot;background_background&quot;:&quot;classic&quot;}\">\n\t\t\t\t\t\t<div class=\"elementor-container elementor-column-gap-default\">\n\t\t\t\t\t\t\t<div class=\"elementor-row\">\n\t\t\t\t\t<div class=\"elementor-column elementor-col-100 elementor-top-column elementor-element elementor-element-mkd8nar\" data-id=\"mkd8nar\" data-element_type=\"column\" data-settings=\"{&quot;background_background&quot;:&quot;classic&quot;}\">\n\t\t\t<div class=\"elementor-column-wrap elementor-element-populated\">\n\t\t\t\t\t\t\t<div class=\"elementor-widget-wrap\">\n\t\t\t\t\t\t<div class=\"elementor-element elementor-element-azkse9i elementor-widget elementor-widget-heading\" data-id=\"azkse9i\" data-element_type=\"widget\" data-widget_type=\"heading.default\">\n\t\t\t\t<div class=\"elementor-widget-container\">\n\t\t\t<h2 class=\"elementor-heading-title elementor-size-default\">Oliven\u00f6l Virgen Extra<\/h2>\t\t<\/div>\n\t\t\t\t<\/div>\n\t\t\t\t<div class=\"elementor-element elementor-element-335qjc3 elementor-widget-divider--view-line elementor-widget elementor-widget-divider\" data-id=\"335qjc3\" data-element_type=\"widget\" data-widget_type=\"divider.default\">\n\t\t\t\t<div class=\"elementor-widget-container\">\n\t\t\t\t\t<div class=\"elementor-divider\">\n\t\t\t<span class=\"elementor-divider-separator\">\n\t\t\t\t\t\t<\/span>\n\t\t<\/div>\n\t\t\t\t<\/div>\n\t\t\t\t<\/div>\n\t\t\t\t<div class=\"elementor-element elementor-element-ytb5i06 elementor-widget elementor-widget-heading\" data-id=\"ytb5i06\" data-element_type=\"widget\" data-widget_type=\"heading.default\">\n\t\t\t\t<div class=\"elementor-widget-container\">\n\t\t\t<h4 class=\"elementor-heading-title elementor-size-default\">Das spanische Aroma<\/h4>\t\t<\/div>\n\t\t\t\t<\/div>\n\t\t\t\t\t\t<\/div>\n\t\t\t\t\t<\/div>\n\t\t<\/div>\n\t\t\t\t\t\t\t\t<\/div>\n\t\t\t\t\t<\/div>\n\t\t<\/section>\n\t\t\t\t<section class=\"elementor-section elementor-top-section elementor-element elementor-element-0tcotj0 elementor-section-content-middle elementor-reverse-mobile elementor-section-boxed elementor-section-height-default elementor-section-height-default\" data-id=\"0tcotj0\" data-element_type=\"section\" data-settings=\"{&quot;background_background&quot;:&quot;classic&quot;}\">\n\t\t\t\t\t\t<div class=\"elementor-container elementor-column-gap-default\">\n\t\t\t\t\t\t\t<div class=\"elementor-row\">\n\t\t\t\t\t<div class=\"elementor-column elementor-col-50 elementor-top-column elementor-element elementor-element-3w0gczc\" data-id=\"3w0gczc\" data-element_type=\"column\">\n\t\t\t<div class=\"elementor-column-wrap elementor-element-populated\">\n\t\t\t\t\t\t\t<div class=\"elementor-widget-wrap\">\n\t\t\t\t\t\t<div class=\"elementor-element elementor-element-brrqo73 elementor-widget elementor-widget-heading\" data-id=\"brrqo73\" data-element_type=\"widget\" data-widget_type=\"heading.default\">\n\t\t\t\t<div class=\"elementor-widget-container\">\n\t\t\t<h3 class=\"elementor-heading-title elementor-size-default\">Tradition und Qualit\u00e4t<\/h3>\t\t<\/div>\n\t\t\t\t<\/div>\n\t\t\t\t<div class=\"elementor-element elementor-element-81kg59m elementor-widget-divider--view-line elementor-widget elementor-widget-divider\" data-id=\"81kg59m\" data-element_type=\"widget\" data-widget_type=\"divider.default\">\n\t\t\t\t<div class=\"elementor-widget-container\">\n\t\t\t\t\t<div class=\"elementor-divider\">\n\t\t\t<span class=\"elementor-divider-separator\">\n\t\t\t\t\t\t<\/span>\n\t\t<\/div>\n\t\t\t\t<\/div>\n\t\t\t\t<\/div>\n\t\t\t\t<div class=\"elementor-element elementor-element-348czps elementor-widget elementor-widget-text-editor\" data-id=\"348czps\" data-element_type=\"widget\" data-widget_type=\"text-editor.default\">\n\t\t\t\t<div class=\"elementor-widget-container\">\n\t\t\t\t\t\t\t\t<div class=\"elementor-text-editor elementor-clearfix\">\n\t\t\t\tWie beim Wein variieren die verschiedenen Virgen Extra Oliven\u00f6le erheblich im Geschmack. Die Variationen von Geschmack und Farbe reagieren auf verschiedene Faktoren wie die Art der Oliven mit denen das \u00d6l hergestellt wird, die Eigenschaften des Gel\u00e4ndes, wo sich der Olivenhain befindet, das Klima, die Prozessqualit\u00e4t der Olivenproduktion sowie der anschlie\u00dfende Ernteprozess und der Umwandlung in \u00d6l.\r\n\r\nAls Olivenbauern haben wir tiefe Kenntnisse dieser komplexen Prozesse und garantiert uns die M\u00f6glichkeit, unsere Virgen Extra Oliven\u00f6le entsprechend auszuw\u00e4hlen: ein frisches und elegantes \u201earbequino\u201c f\u00fcr diejenigen, die ein sanftes Aroma bevorzugen und das wir &#8222;Cosecha Temprana&#8220; nennen, sowie ein \u201epicual\u201c von komplexer Struktur f\u00fcr diejenigen, die ein intensiveres Aroma vorziehen und das wir \u201eSelecci\u00f3n Especial&#8220; getauft haben.\t\t\t\t\t<\/div>\n\t\t\t\t\t\t<\/div>\n\t\t\t\t<\/div>\n\t\t\t\t\t\t<\/div>\n\t\t\t\t\t<\/div>\n\t\t<\/div>\n\t\t\t\t<div class=\"elementor-column elementor-col-50 elementor-top-column elementor-element elementor-element-31nr6yh\" data-id=\"31nr6yh\" data-element_type=\"column\">\n\t\t\t<div class=\"elementor-column-wrap elementor-element-populated\">\n\t\t\t\t\t\t\t<div class=\"elementor-widget-wrap\">\n\t\t\t\t\t\t<div class=\"elementor-element elementor-element-npiv3m2 elementor-widget elementor-widget-image\" data-id=\"npiv3m2\" data-element_type=\"widget\" data-widget_type=\"image.default\">\n\t\t\t\t<div class=\"elementor-widget-container\">\n\t\t\t\t\t\t\t\t<div class=\"elementor-image\">\n\t\t\t\t\t\t\t\t\t\t\t\t<img src=\"https:\/\/www.grupolagunes.com\/wp-content\/uploads\/elementor\/thumbs\/ilustracion-aceite-n91mn11g8bidh9un3dotnwsfsjxp7ruz7veh06vocw.png\" title=\"Aceite de Oliva Virgen Extra\" alt=\"Aceite de Oliva Virgen Extra\" \/>\t\t\t\t\t\t\t\t\t\t\t\t\t\t<\/div>\n\t\t\t\t\t\t<\/div>\n\t\t\t\t<\/div>\n\t\t\t\t\t\t<\/div>\n\t\t\t\t\t<\/div>\n\t\t<\/div>\n\t\t\t\t\t\t\t\t<\/div>\n\t\t\t\t\t<\/div>\n\t\t<\/section>\n\t\t\t\t<section class=\"elementor-section elementor-top-section elementor-element elementor-element-10ow7jd elementor-section-boxed elementor-section-height-default elementor-section-height-default\" data-id=\"10ow7jd\" data-element_type=\"section\" data-settings=\"{&quot;background_background&quot;:&quot;classic&quot;}\">\n\t\t\t\t\t\t<div class=\"elementor-container elementor-column-gap-default\">\n\t\t\t\t\t\t\t<div class=\"elementor-row\">\n\t\t\t\t\t<div class=\"elementor-column elementor-col-50 elementor-top-column elementor-element elementor-element-db1q9v7\" data-id=\"db1q9v7\" data-element_type=\"column\">\n\t\t\t<div class=\"elementor-column-wrap elementor-element-populated\">\n\t\t\t\t\t\t\t<div class=\"elementor-widget-wrap\">\n\t\t\t\t\t\t<div class=\"elementor-element elementor-element-k290enx elementor-widget elementor-widget-image\" data-id=\"k290enx\" data-element_type=\"widget\" data-widget_type=\"image.default\">\n\t\t\t\t<div class=\"elementor-widget-container\">\n\t\t\t\t\t\t\t\t<div class=\"elementor-image\">\n\t\t\t\t\t\t\t\t\t\t\t\t<img src=\"https:\/\/www.grupolagunes.com\/wp-content\/uploads\/elementor\/thumbs\/botella-aceite-de-oliva-virgen-extra-n91m9nrz4t9wtqq1x6s3ij3t0pftkymjkhqwc4sidc.png\" title=\"Aceite de Oliva Virgen Extra. Cosecha Temprana\" alt=\"Aceite de Oliva Virgen Extra. Cosecha Temprana\" \/>\t\t\t\t\t\t\t\t\t\t\t\t\t\t<\/div>\n\t\t\t\t\t\t<\/div>\n\t\t\t\t<\/div>\n\t\t\t\t\t\t<\/div>\n\t\t\t\t\t<\/div>\n\t\t<\/div>\n\t\t\t\t<div class=\"elementor-column elementor-col-50 elementor-top-column elementor-element elementor-element-32w7bka\" data-id=\"32w7bka\" data-element_type=\"column\">\n\t\t\t<div class=\"elementor-column-wrap elementor-element-populated\">\n\t\t\t\t\t\t\t<div class=\"elementor-widget-wrap\">\n\t\t\t\t\t\t<div class=\"elementor-element elementor-element-ncn0rca elementor-widget elementor-widget-heading\" data-id=\"ncn0rca\" data-element_type=\"widget\" data-widget_type=\"heading.default\">\n\t\t\t\t<div class=\"elementor-widget-container\">\n\t\t\t<h2 class=\"elementor-heading-title elementor-size-default\">Oliven\u00f6l Virgen Extra <br>\"Cosecha Temprana\"<\/h2>\t\t<\/div>\n\t\t\t\t<\/div>\n\t\t\t\t<div class=\"elementor-element elementor-element-vx78r58 elementor-widget elementor-widget-text-editor\" data-id=\"vx78r58\" data-element_type=\"widget\" data-widget_type=\"text-editor.default\">\n\t\t\t\t<div class=\"elementor-widget-container\">\n\t\t\t\t\t\t\t\t<div class=\"elementor-text-editor elementor-clearfix\">\n\t\t\t\t<p><strong>ZUTATEN: <\/strong>Oliven\u00f6l Virgen Extra.<\/p><p><strong>OLIVENSORTE:\u00a0<\/strong>Arbequina.<\/p><p><strong>URSPRUNG: <\/strong>Region des Alto Guadalquivir. Cordoba, Andalusien, Spanien.<\/p><p><strong>ERNTE: <\/strong>Mechanisch, mit Schirm. Sie erfolgt Ende Oktober\/ Anfang November, wenn die Olive bereit zur Ernte (&#8222;envero&#8220;) ist. Dieser Punkt der fr\u00fchen Reife der Olive erm\u00f6glicht die Herstellung eines \u00d6ls von h\u00f6chster Qualit\u00e4t, das alle Nuancen von Geschmack und Aroma, die die Fr\u00fcchte hervorbringen, wenn der Zyclus der Reife noch nicht vollst\u00e4ndig abgeschlossen ist.<\/p><p><strong>EXTRAKTIONSZEIT: <\/strong>Maximal 8 Stunden nach der Ernte<\/p><p><strong>S\u00c4UREGRAD:\u00a0<\/strong>&lt; 0,3.<\/p><p><strong>ANMERKUNGEN ZUR VERKOSTUNG: <\/strong>Brillant und lebendig, mit eigener Pers\u00f6nlichkeit. Im Gaumen leichte Stufen fl\u00fcssiger Struktur, seidig und Zitrusgeschmack, sehr frisch. Eine elegante prickelnde Empfindung, jedoch ohne Bitterkeit<\/p><p><strong>PR\u00c4SENTATION: <\/strong>500ml dunkle Glasflasche in Kartons mit 12 Einheiten. Nicht wieder auff\u00fcllbarer Verschluss mit Anti-Tropf-System.<\/p><p><strong>LAGERUNG: <\/strong>An einem k\u00fchlen, trockenen Ort und fern von direktem Licht aufbewahren.<\/p><p><strong>VORSCHL\u00c4GE ZUM VERZEHR: <\/strong>Ausgezeichnet um Fisch, Vinaigretten und Mayonnaise zu kochen. Sehr gut geeignet, um Butter bei der Zubereitung von Topfkuchen und Cremesuppen zu ersetzen.<\/p>\t\t\t\t\t<\/div>\n\t\t\t\t\t\t<\/div>\n\t\t\t\t<\/div>\n\t\t\t\t\t\t<\/div>\n\t\t\t\t\t<\/div>\n\t\t<\/div>\n\t\t\t\t\t\t\t\t<\/div>\n\t\t\t\t\t<\/div>\n\t\t<\/section>\n\t\t\t\t<section class=\"elementor-section elementor-top-section elementor-element elementor-element-b8jp075 elementor-section-boxed elementor-section-height-default elementor-section-height-default\" data-id=\"b8jp075\" data-element_type=\"section\" data-settings=\"{&quot;background_background&quot;:&quot;classic&quot;}\">\n\t\t\t\t\t\t<div class=\"elementor-container elementor-column-gap-default\">\n\t\t\t\t\t\t\t<div class=\"elementor-row\">\n\t\t\t\t\t<div class=\"elementor-column elementor-col-50 elementor-top-column elementor-element elementor-element-9t5c87i\" data-id=\"9t5c87i\" data-element_type=\"column\">\n\t\t\t<div class=\"elementor-column-wrap elementor-element-populated\">\n\t\t\t\t\t\t\t<div class=\"elementor-widget-wrap\">\n\t\t\t\t\t\t<div class=\"elementor-element elementor-element-n4gcs1m elementor-widget elementor-widget-image\" data-id=\"n4gcs1m\" data-element_type=\"widget\" data-widget_type=\"image.default\">\n\t\t\t\t<div class=\"elementor-widget-container\">\n\t\t\t\t\t\t\t\t<div class=\"elementor-image\">\n\t\t\t\t\t\t\t\t\t\t\t\t<img src=\"https:\/\/www.grupolagunes.com\/wp-content\/uploads\/elementor\/thumbs\/botella-aceite-de-oliva-virgen-extra-seleccion-especial-n91m9i4xzt26w2y8u4cc3kj1ge7mas05jptzgh0veo.png\" title=\"Aceite de Oliva Virgen Extra. Selecci\u00f3n Especial\" alt=\"Aceite de Oliva Virgen Extra. Selecci\u00f3n Especial\" \/>\t\t\t\t\t\t\t\t\t\t\t\t\t\t<\/div>\n\t\t\t\t\t\t<\/div>\n\t\t\t\t<\/div>\n\t\t\t\t\t\t<\/div>\n\t\t\t\t\t<\/div>\n\t\t<\/div>\n\t\t\t\t<div class=\"elementor-column elementor-col-50 elementor-top-column elementor-element elementor-element-hn8i7q8\" data-id=\"hn8i7q8\" data-element_type=\"column\">\n\t\t\t<div class=\"elementor-column-wrap elementor-element-populated\">\n\t\t\t\t\t\t\t<div class=\"elementor-widget-wrap\">\n\t\t\t\t\t\t<div class=\"elementor-element elementor-element-k222ciu elementor-widget elementor-widget-heading\" data-id=\"k222ciu\" data-element_type=\"widget\" data-widget_type=\"heading.default\">\n\t\t\t\t<div class=\"elementor-widget-container\">\n\t\t\t<h2 class=\"elementor-heading-title elementor-size-default\">Oliven\u00f6l Virgen Extra <br>\"Selecci\u00f3n Especial\"<\/h2>\t\t<\/div>\n\t\t\t\t<\/div>\n\t\t\t\t<div class=\"elementor-element elementor-element-141s1mz elementor-widget elementor-widget-text-editor\" data-id=\"141s1mz\" data-element_type=\"widget\" data-widget_type=\"text-editor.default\">\n\t\t\t\t<div class=\"elementor-widget-container\">\n\t\t\t\t\t\t\t\t<div class=\"elementor-text-editor elementor-clearfix\">\n\t\t\t\t<p><strong>ZUTATEN: <\/strong>Oliven\u00f6l Virgen Extra.<\/p><p><strong>OLIVENSORTE:\u00a0<\/strong>Picual.<\/p><p><strong>URSPRUNG: <\/strong>Region des Alto Guadalquivir. Cordoba, Andalusien, Spanien.<\/p><p><strong>ERNTE: <\/strong>Mechanisch, mit Schirm. Sie erfolgt Ende Oktober\/ Anfang November, wenn die Olive bereit zur Ernte (&#8222;envero&#8220;) ist. Dieser Punkt der fr\u00fchen Reife der Olive erm\u00f6glicht die Herstellung eines \u00d6ls von h\u00f6chster Qualit\u00e4t, das alle Nuancen von Geschmack und Aroma, die die Fr\u00fcchte hervorbringen, wenn der Zyclus der Reife noch nicht vollst\u00e4ndig abgeschlossen ist.<\/p><p><strong>EXTRAKTIONSZEIT: <\/strong>8 Stunden nach der Ernte<\/p><p><strong>S\u00c4UREGRAD:\u00a0<\/strong>&lt; 0,3.<\/p><p><strong>ANMERKUNGEN ZUR VERKOSTUNG: <\/strong>Fruchtig von mittlerer Intensit\u00e4t, wo Noten von Baumharz, gr\u00fcner Banane, Tomate und Artischocke erscheinen. Im Mund w\u00fcrzig und medium bitter, womit Ausgewogenheit erzielt wird.<\/p><p><strong>PR\u00c4SENTATION: <\/strong>500ml dunkle Glasflasche in Kartons mit 12 Einheiten. Nicht wieder auff\u00fcllbarer Verschluss mit Anti-Tropf-System.<\/p><p><strong>LAGERUNG: <\/strong>An einem k\u00fchlen, trockenen Ort und fern von direktem Licht aufbewahren.<\/p><p><strong>VORSCHL\u00c4GE ZUM VERZEHR: <\/strong>Speziell f\u00fcr Salatdressings, Tomatensuppe, \u201eGazpacho\u201c, Schinken, K\u00e4se und gegrilltes Fleisch.<\/p>\t\t\t\t\t<\/div>\n\t\t\t\t\t\t<\/div>\n\t\t\t\t<\/div>\n\t\t\t\t\t\t<\/div>\n\t\t\t\t\t<\/div>\n\t\t<\/div>\n\t\t\t\t\t\t\t\t<\/div>\n\t\t\t\t\t<\/div>\n\t\t<\/section>\n\t\t\t\t<section class=\"elementor-section elementor-top-section elementor-element elementor-element-ptxga1h elementor-section-full_width elementor-section-height-min-height elementor-section-height-default elementor-section-items-middle\" data-id=\"ptxga1h\" data-element_type=\"section\" data-settings=\"{&quot;background_background&quot;:&quot;classic&quot;}\">\n\t\t\t\t\t\t\t<div class=\"elementor-background-overlay\"><\/div>\n\t\t\t\t\t\t\t<div class=\"elementor-container elementor-column-gap-default\">\n\t\t\t\t\t\t\t<div class=\"elementor-row\">\n\t\t\t\t\t<div class=\"elementor-column elementor-col-100 elementor-top-column elementor-element elementor-element-6nzl8b1\" data-id=\"6nzl8b1\" data-element_type=\"column\">\n\t\t\t<div class=\"elementor-column-wrap elementor-element-populated\">\n\t\t\t\t\t\t\t<div class=\"elementor-widget-wrap\">\n\t\t\t\t\t\t<div class=\"elementor-element elementor-element-eux335z elementor-view-default elementor-widget elementor-widget-icon\" data-id=\"eux335z\" data-element_type=\"widget\" data-widget_type=\"icon.default\">\n\t\t\t\t<div class=\"elementor-widget-container\">\n\t\t\t\t\t<div class=\"elementor-icon-wrapper\">\n\t\t\t<div class=\"elementor-icon\">\n\t\t\t\t\t\t\t<i class=\"fa fa-comments-o\" aria-hidden=\"true\"><\/i>\n\t\t\t\t\t\t<\/div>\n\t\t<\/div>\n\t\t\t\t<\/div>\n\t\t\t\t<\/div>\n\t\t\t\t<div class=\"elementor-element elementor-element-ldcqyxp elementor-widget elementor-widget-heading\" data-id=\"ldcqyxp\" data-element_type=\"widget\" data-widget_type=\"heading.default\">\n\t\t\t\t<div class=\"elementor-widget-container\">\n\t\t\t<h2 class=\"elementor-heading-title elementor-size-default\">M\u00f6chten sie unsere produkte vertreiben?<\/h2>\t\t<\/div>\n\t\t\t\t<\/div>\n\t\t\t\t<div class=\"elementor-element elementor-element-27e1q0d elementor-widget elementor-widget-heading\" data-id=\"27e1q0d\" data-element_type=\"widget\" data-widget_type=\"heading.default\">\n\t\t\t\t<div class=\"elementor-widget-container\">\n\t\t\t<h2 class=\"elementor-heading-title elementor-size-default\">Kontaktieren sie uns f\u00fcr weitere informationen<\/h2>\t\t<\/div>\n\t\t\t\t<\/div>\n\t\t\t\t<div class=\"elementor-element elementor-element-r3050gi elementor-align-center elementor-widget elementor-widget-button\" data-id=\"r3050gi\" data-element_type=\"widget\" data-widget_type=\"button.default\">\n\t\t\t\t<div class=\"elementor-widget-container\">\n\t\t\t\t\t<div class=\"elementor-button-wrapper\">\n\t\t\t<a href=\"https:\/\/www.grupolagunes.com\/de\/kontakt\/\" class=\"elementor-button-link elementor-button elementor-size-xl\" role=\"button\">\n\t\t\t\t\t\t<span class=\"elementor-button-content-wrapper\">\n\t\t\t\t\t\t<span class=\"elementor-button-text\">Jetzt kontaktieren<\/span>\n\t\t<\/span>\n\t\t\t\t\t<\/a>\n\t\t<\/div>\n\t\t\t\t<\/div>\n\t\t\t\t<\/div>\n\t\t\t\t\t\t<\/div>\n\t\t\t\t\t<\/div>\n\t\t<\/div>\n\t\t\t\t\t\t\t\t<\/div>\n\t\t\t\t\t<\/div>\n\t\t<\/section>\n\t\t\t\t<section class=\"elementor-section elementor-top-section elementor-element elementor-element-rglhbzw elementor-section-content-top elementor-section-boxed elementor-section-height-default elementor-section-height-default\" data-id=\"rglhbzw\" data-element_type=\"section\" data-settings=\"{&quot;background_background&quot;:&quot;classic&quot;}\">\n\t\t\t\t\t\t<div class=\"elementor-container elementor-column-gap-no\">\n\t\t\t\t\t\t\t<div class=\"elementor-row\">\n\t\t\t\t\t<div class=\"elementor-column elementor-col-25 elementor-top-column elementor-element elementor-element-edigvtu\" data-id=\"edigvtu\" data-element_type=\"column\">\n\t\t\t<div class=\"elementor-column-wrap elementor-element-populated\">\n\t\t\t\t\t\t\t<div class=\"elementor-widget-wrap\">\n\t\t\t\t\t\t<div class=\"elementor-element elementor-element-07c03py elementor-widget elementor-widget-global elementor-global-1143 elementor-widget-heading\" data-id=\"07c03py\" data-element_type=\"widget\" data-widget_type=\"heading.default\">\n\t\t\t\t<div class=\"elementor-widget-container\">\n\t\t\t<h3 class=\"elementor-heading-title elementor-size-default\">aceite de oliva<\/h3>\t\t<\/div>\n\t\t\t\t<\/div>\n\t\t\t\t<div class=\"elementor-element elementor-element-xfkrwfm elementor-widget elementor-widget-heading\" data-id=\"xfkrwfm\" data-element_type=\"widget\" data-widget_type=\"heading.default\">\n\t\t\t\t<div class=\"elementor-widget-container\">\n\t\t\t<h3 class=\"elementor-heading-title elementor-size-default\">virgen extra<\/h3>\t\t<\/div>\n\t\t\t\t<\/div>\n\t\t\t\t<div class=\"elementor-element elementor-element-bfrifpi elementor-align-center elementor-widget elementor-widget-button\" data-id=\"bfrifpi\" data-element_type=\"widget\" data-widget_type=\"button.default\">\n\t\t\t\t<div class=\"elementor-widget-container\">\n\t\t\t\t\t<div class=\"elementor-button-wrapper\">\n\t\t\t<a href=\"https:\/\/www.grupolagunes.com\/de\/lagunes-gourmet\/olivenol-virgen-extra\/\" class=\"elementor-button-link elementor-button elementor-size-md\" role=\"button\">\n\t\t\t\t\t\t<span class=\"elementor-button-content-wrapper\">\n\t\t\t\t\t\t<span class=\"elementor-button-text\">Oliven\u00f6l virgen extra entdecken<\/span>\n\t\t<\/span>\n\t\t\t\t\t<\/a>\n\t\t<\/div>\n\t\t\t\t<\/div>\n\t\t\t\t<\/div>\n\t\t\t\t\t\t<\/div>\n\t\t\t\t\t<\/div>\n\t\t<\/div>\n\t\t\t\t<div class=\"elementor-column elementor-col-25 elementor-top-column elementor-element elementor-element-plzkbqa\" data-id=\"plzkbqa\" data-element_type=\"column\">\n\t\t\t<div class=\"elementor-column-wrap elementor-element-populated\">\n\t\t\t\t\t\t\t<div class=\"elementor-widget-wrap\">\n\t\t\t\t\t\t<div class=\"elementor-element elementor-element-gwswdrk elementor-widget elementor-widget-heading\" data-id=\"gwswdrk\" data-element_type=\"widget\" data-widget_type=\"heading.default\">\n\t\t\t\t<div class=\"elementor-widget-container\">\n\t\t\t<h3 class=\"elementor-heading-title elementor-size-default\">Naturhonig<\/h3>\t\t<\/div>\n\t\t\t\t<\/div>\n\t\t\t\t<div class=\"elementor-element elementor-element-wntxtuz elementor-widget elementor-widget-heading\" data-id=\"wntxtuz\" data-element_type=\"widget\" data-widget_type=\"heading.default\">\n\t\t\t\t<div class=\"elementor-widget-container\">\n\t\t\t<h3 class=\"elementor-heading-title elementor-size-default\">aus eiche, orangen und mischbl\u00fcten<\/h3>\t\t<\/div>\n\t\t\t\t<\/div>\n\t\t\t\t<div class=\"elementor-element elementor-element-enkwzfg elementor-align-center elementor-widget elementor-widget-button\" data-id=\"enkwzfg\" data-element_type=\"widget\" data-widget_type=\"button.default\">\n\t\t\t\t<div class=\"elementor-widget-container\">\n\t\t\t\t\t<div class=\"elementor-button-wrapper\">\n\t\t\t<a href=\"https:\/\/www.grupolagunes.com\/de\/lagunes-gourmet\/handgefertigter-naturhonig\/\" class=\"elementor-button-link elementor-button elementor-size-md\" role=\"button\">\n\t\t\t\t\t\t<span class=\"elementor-button-content-wrapper\">\n\t\t\t\t\t\t<span class=\"elementor-button-text\">Honigsorten entdecken<\/span>\n\t\t<\/span>\n\t\t\t\t\t<\/a>\n\t\t<\/div>\n\t\t\t\t<\/div>\n\t\t\t\t<\/div>\n\t\t\t\t\t\t<\/div>\n\t\t\t\t\t<\/div>\n\t\t<\/div>\n\t\t\t\t<div class=\"elementor-column elementor-col-25 elementor-top-column elementor-element elementor-element-zhahtyq\" data-id=\"zhahtyq\" data-element_type=\"column\">\n\t\t\t<div class=\"elementor-column-wrap elementor-element-populated\">\n\t\t\t\t\t\t\t<div class=\"elementor-widget-wrap\">\n\t\t\t\t\t\t<div class=\"elementor-element elementor-element-catndmj elementor-widget elementor-widget-heading\" data-id=\"catndmj\" data-element_type=\"widget\" data-widget_type=\"heading.default\">\n\t\t\t\t<div class=\"elementor-widget-container\">\n\t\t\t<h3 class=\"elementor-heading-title elementor-size-default\">100% spanischer safran<\/h3>\t\t<\/div>\n\t\t\t\t<\/div>\n\t\t\t\t<div class=\"elementor-element elementor-element-ogggjpa elementor-widget elementor-widget-heading\" data-id=\"ogggjpa\" data-element_type=\"widget\" data-widget_type=\"heading.default\">\n\t\t\t\t<div class=\"elementor-widget-container\">\n\t\t\t<h3 class=\"elementor-heading-title elementor-size-default\">Spitzenqualit\u00e4t - ISO Kategorie I<\/h3>\t\t<\/div>\n\t\t\t\t<\/div>\n\t\t\t\t<div class=\"elementor-element elementor-element-uisyjls elementor-align-center elementor-widget elementor-widget-button\" data-id=\"uisyjls\" data-element_type=\"widget\" data-widget_type=\"button.default\">\n\t\t\t\t<div class=\"elementor-widget-container\">\n\t\t\t\t\t<div class=\"elementor-button-wrapper\">\n\t\t\t<a href=\"https:\/\/www.grupolagunes.com\/de\/lagunes-gourmet\/spanischer-safran\/\" class=\"elementor-button-link elementor-button elementor-size-md\" role=\"button\">\n\t\t\t\t\t\t<span class=\"elementor-button-content-wrapper\">\n\t\t\t\t\t\t<span class=\"elementor-button-text\">Safran entdecken<\/span>\n\t\t<\/span>\n\t\t\t\t\t<\/a>\n\t\t<\/div>\n\t\t\t\t<\/div>\n\t\t\t\t<\/div>\n\t\t\t\t\t\t<\/div>\n\t\t\t\t\t<\/div>\n\t\t<\/div>\n\t\t\t\t<div class=\"elementor-column elementor-col-25 elementor-top-column elementor-element elementor-element-lfjqevm\" data-id=\"lfjqevm\" data-element_type=\"column\">\n\t\t\t<div class=\"elementor-column-wrap elementor-element-populated\">\n\t\t\t\t\t\t\t<div class=\"elementor-widget-wrap\">\n\t\t\t\t\t\t<div class=\"elementor-element elementor-element-eapvkew elementor-widget elementor-widget-heading\" data-id=\"eapvkew\" data-element_type=\"widget\" data-widget_type=\"heading.default\">\n\t\t\t\t<div class=\"elementor-widget-container\">\n\t\t\t<h3 class=\"elementor-heading-title elementor-size-default\">Wildfleisch<\/h3>\t\t<\/div>\n\t\t\t\t<\/div>\n\t\t\t\t<div class=\"elementor-element elementor-element-cshnvgu elementor-widget elementor-widget-heading\" data-id=\"cshnvgu\" data-element_type=\"widget\" data-widget_type=\"heading.default\">\n\t\t\t\t<div class=\"elementor-widget-container\">\n\t\t\t<h3 class=\"elementor-heading-title elementor-size-default\">In freiheit gez\u00fcchtet<\/h3>\t\t<\/div>\n\t\t\t\t<\/div>\n\t\t\t\t<div class=\"elementor-element elementor-element-ovgseqp elementor-align-center elementor-widget elementor-widget-button\" data-id=\"ovgseqp\" data-element_type=\"widget\" data-widget_type=\"button.default\">\n\t\t\t\t<div class=\"elementor-widget-container\">\n\t\t\t\t\t<div class=\"elementor-button-wrapper\">\n\t\t\t<a href=\"https:\/\/www.grupolagunes.com\/de\/lagunes-gourmet\/gourmet-wildfleisch\/\" class=\"elementor-button-link elementor-button elementor-size-md\" role=\"button\">\n\t\t\t\t\t\t<span class=\"elementor-button-content-wrapper\">\n\t\t\t\t\t\t<span class=\"elementor-button-text\">Das fleisch entdecken<\/span>\n\t\t<\/span>\n\t\t\t\t\t<\/a>\n\t\t<\/div>\n\t\t\t\t<\/div>\n\t\t\t\t<\/div>\n\t\t\t\t\t\t<\/div>\n\t\t\t\t\t<\/div>\n\t\t<\/div>\n\t\t\t\t\t\t\t\t<\/div>\n\t\t\t\t\t<\/div>\n\t\t<\/section>\n\t\t\t\t\t\t\t\t\t<\/div>\n\t\t\t<\/div>\n\t\t\t\t\t<\/div>\n\t\t","protected":false},"excerpt":{"rendered":"<p>Oliven\u00f6l Virgen Extra Das spanische Aroma Tradition und Qualit\u00e4t Wie beim Wein variieren die verschiedenen Virgen Extra Oliven\u00f6le erheblich im Geschmack. Die Variationen von Geschmack und Farbe reagieren auf verschiedene Faktoren wie die Art der Oliven mit denen das \u00d6l hergestellt wird, die Eigenschaften des Gel\u00e4ndes, wo sich der Olivenhain befindet, das Klima, die Prozessqualit\u00e4t &#8230; <a title=\"Oliven\u00f6l Virgen Extra\" class=\"read-more\" href=\"https:\/\/www.grupolagunes.com\/de\/lagunes-gourmet\/olivenol-virgen-extra\/\" aria-label=\"Mehr zu Oliven\u00f6l Virgen Extra\">Leer m\u00e1s<\/a><\/p>\n","protected":false},"author":1,"featured_media":0,"parent":1914,"menu_order":0,"comment_status":"closed","ping_status":"closed","template":"","meta":{"generate_page_header":""},"yoast_head":"<!-- This site is optimized with the Yoast SEO plugin v16.0.2 - https:\/\/yoast.com\/wordpress\/plugins\/seo\/ -->\n<title>Lagunes Gourmet Oliven\u00f6l Virgen Extra | Grupo Lagunes<\/title>\n<meta name=\"description\" content=\"Das Oliven\u00f6l \u201e virgen extra\u201c von Lagunes Gourmet ist in zwei Varianten erh\u00e4ltlich: Eine fr\u00fche Ernte mit mildem Geschmack und einer speziellen Selektion mit intensiven Aromen.\" \/>\n<link rel=\"canonical\" href=\"https:\/\/www.grupolagunes.com\/de\/lagunes-gourmet\/olivenol-virgen-extra\/\" \/>\n<meta property=\"og:locale\" content=\"de_DE\" \/>\n<meta property=\"og:type\" content=\"article\" \/>\n<meta property=\"og:title\" content=\"Lagunes Gourmet Oliven\u00f6l Virgen Extra | Grupo Lagunes\" \/>\n<meta property=\"og:description\" content=\"Das Oliven\u00f6l \u201e virgen extra\u201c von Lagunes Gourmet ist in zwei Varianten erh\u00e4ltlich: Eine fr\u00fche Ernte mit mildem Geschmack und einer speziellen Selektion mit intensiven Aromen.\" \/>\n<meta property=\"og:url\" content=\"https:\/\/www.grupolagunes.com\/de\/lagunes-gourmet\/olivenol-virgen-extra\/\" \/>\n<meta property=\"og:site_name\" content=\"Grupo Lagunes\" \/>\n<meta property=\"article:modified_time\" content=\"2017-10-27T07:57:10+00:00\" \/>\n<meta property=\"og:image\" content=\"https:\/\/www.grupolagunes.com\/wp-content\/uploads\/2017\/02\/campo-olivos-aceite-oliva-virgen-extra.jpg\" \/>\n<meta name=\"twitter:card\" content=\"summary\" \/>\n<meta name=\"twitter:label1\" content=\"Gesch\u00e4tzte Lesezeit\">\n\t<meta name=\"twitter:data1\" content=\"3\u00a0Minuten\">\n<script type=\"application\/ld+json\" class=\"yoast-schema-graph\">{\"@context\":\"https:\/\/schema.org\",\"@graph\":[{\"@type\":\"WebSite\",\"@id\":\"https:\/\/www.grupolagunes.com\/#website\",\"url\":\"https:\/\/www.grupolagunes.com\/\",\"name\":\"Grupo Lagunes\",\"description\":\"Grupo Lagunes. Cinco generaciones vinculadas a la naturaleza y dedicados a la selecci\\u00f3n gen\\u00e9tica de ciervo y producto gourmet.\",\"potentialAction\":[{\"@type\":\"SearchAction\",\"target\":\"https:\/\/www.grupolagunes.com\/?s={search_term_string}\",\"query-input\":\"required name=search_term_string\"}],\"inLanguage\":\"de\"},{\"@type\":\"ImageObject\",\"@id\":\"https:\/\/www.grupolagunes.com\/de\/lagunes-gourmet\/olivenol-virgen-extra\/#primaryimage\",\"inLanguage\":\"de\",\"url\":\"https:\/\/www.grupolagunes.com\/wp-content\/uploads\/2017\/02\/campo-olivos-aceite-oliva-virgen-extra.jpg\",\"width\":2000,\"height\":910,\"caption\":\"Aceite de Oliva Virgen Extra Lagunes\"},{\"@type\":\"WebPage\",\"@id\":\"https:\/\/www.grupolagunes.com\/de\/lagunes-gourmet\/olivenol-virgen-extra\/#webpage\",\"url\":\"https:\/\/www.grupolagunes.com\/de\/lagunes-gourmet\/olivenol-virgen-extra\/\",\"name\":\"Lagunes Gourmet Oliven\\u00f6l Virgen Extra | Grupo Lagunes\",\"isPartOf\":{\"@id\":\"https:\/\/www.grupolagunes.com\/#website\"},\"primaryImageOfPage\":{\"@id\":\"https:\/\/www.grupolagunes.com\/de\/lagunes-gourmet\/olivenol-virgen-extra\/#primaryimage\"},\"datePublished\":\"2017-02-13T16:36:01+00:00\",\"dateModified\":\"2017-10-27T07:57:10+00:00\",\"description\":\"Das Oliven\\u00f6l \\u201e virgen extra\\u201c von Lagunes Gourmet ist in zwei Varianten erh\\u00e4ltlich: Eine fr\\u00fche Ernte mit mildem Geschmack und einer speziellen Selektion mit intensiven Aromen.\",\"breadcrumb\":{\"@id\":\"https:\/\/www.grupolagunes.com\/de\/lagunes-gourmet\/olivenol-virgen-extra\/#breadcrumb\"},\"inLanguage\":\"de\",\"potentialAction\":[{\"@type\":\"ReadAction\",\"target\":[\"https:\/\/www.grupolagunes.com\/de\/lagunes-gourmet\/olivenol-virgen-extra\/\"]}]},{\"@type\":\"BreadcrumbList\",\"@id\":\"https:\/\/www.grupolagunes.com\/de\/lagunes-gourmet\/olivenol-virgen-extra\/#breadcrumb\",\"itemListElement\":[{\"@type\":\"ListItem\",\"position\":1,\"item\":{\"@type\":\"WebPage\",\"@id\":\"https:\/\/www.grupolagunes.com\/de\/home\/\",\"url\":\"https:\/\/www.grupolagunes.com\/de\/home\/\",\"name\":\"Portada\"}},{\"@type\":\"ListItem\",\"position\":2,\"item\":{\"@type\":\"WebPage\",\"@id\":\"https:\/\/www.grupolagunes.com\/de\/lagunes-gourmet\/\",\"url\":\"https:\/\/www.grupolagunes.com\/de\/lagunes-gourmet\/\",\"name\":\"Gourmet\"}},{\"@type\":\"ListItem\",\"position\":3,\"item\":{\"@type\":\"WebPage\",\"@id\":\"https:\/\/www.grupolagunes.com\/de\/lagunes-gourmet\/olivenol-virgen-extra\/\",\"url\":\"https:\/\/www.grupolagunes.com\/de\/lagunes-gourmet\/olivenol-virgen-extra\/\",\"name\":\"Oliven\\u00f6l Virgen Extra\"}}]}]}<\/script>\n<!-- \/ Yoast SEO plugin. -->","_links":{"self":[{"href":"https:\/\/www.grupolagunes.com\/de\/wp-json\/wp\/v2\/pages\/1926"}],"collection":[{"href":"https:\/\/www.grupolagunes.com\/de\/wp-json\/wp\/v2\/pages"}],"about":[{"href":"https:\/\/www.grupolagunes.com\/de\/wp-json\/wp\/v2\/types\/page"}],"author":[{"embeddable":true,"href":"https:\/\/www.grupolagunes.com\/de\/wp-json\/wp\/v2\/users\/1"}],"replies":[{"embeddable":true,"href":"https:\/\/www.grupolagunes.com\/de\/wp-json\/wp\/v2\/comments?post=1926"}],"version-history":[{"count":2,"href":"https:\/\/www.grupolagunes.com\/de\/wp-json\/wp\/v2\/pages\/1926\/revisions"}],"predecessor-version":[{"id":2163,"href":"https:\/\/www.grupolagunes.com\/de\/wp-json\/wp\/v2\/pages\/1926\/revisions\/2163"}],"up":[{"embeddable":true,"href":"https:\/\/www.grupolagunes.com\/de\/wp-json\/wp\/v2\/pages\/1914"}],"wp:attachment":[{"href":"https:\/\/www.grupolagunes.com\/de\/wp-json\/wp\/v2\/media?parent=1926"}],"curies":[{"name":"wp","href":"https:\/\/api.w.org\/{rel}","templated":true}]}}