{"id":1570,"date":"2017-02-13T19:21:40","date_gmt":"2017-02-13T17:21:40","guid":{"rendered":"https:\/\/www.grupolagunes.com\/gourmet\/miel\/"},"modified":"2017-10-27T09:52:44","modified_gmt":"2017-10-27T07:52:44","slug":"miel","status":"publish","type":"page","link":"https:\/\/www.grupolagunes.com\/fr\/lagunes-gourmet\/miel\/","title":{"rendered":"Miel"},"content":{"rendered":"\t\t<div data-elementor-type=\"wp-page\" data-elementor-id=\"1570\" class=\"elementor elementor-1570 elementor-884 elementor-bc-flex-widget\">\n\t\t\t\t\t\t<div class=\"elementor-inner\">\n\t\t\t\t<div class=\"elementor-section-wrap\">\n\t\t\t\t\t\t\t\t\t<section class=\"elementor-section elementor-top-section elementor-element elementor-element-pwaavbn elementor-section-full_width elementor-section-height-default elementor-section-height-default\" data-id=\"pwaavbn\" data-element_type=\"section\">\n\t\t\t\t\t\t<div class=\"elementor-container elementor-column-gap-no\">\n\t\t\t\t\t\t\t<div class=\"elementor-row\">\n\t\t\t\t\t<div class=\"elementor-column elementor-col-100 elementor-top-column elementor-element elementor-element-egziasy\" data-id=\"egziasy\" data-element_type=\"column\">\n\t\t\t<div class=\"elementor-column-wrap elementor-element-populated\">\n\t\t\t\t\t\t\t<div class=\"elementor-widget-wrap\">\n\t\t\t\t\t\t<div class=\"elementor-element elementor-element-ixnzbep elementor-widget elementor-widget-image\" data-id=\"ixnzbep\" data-element_type=\"widget\" data-widget_type=\"image.default\">\n\t\t\t\t<div class=\"elementor-widget-container\">\n\t\t\t\t\t\t\t\t<div class=\"elementor-image\">\n\t\t\t\t\t\t\t\t\t\t\t\t<img width=\"2000\" height=\"910\" src=\"https:\/\/www.grupolagunes.com\/wp-content\/uploads\/2017\/02\/miel.jpg\" class=\"attachment-full size-full\" alt=\"Miel espa\u00f1ola 100% natural\" loading=\"lazy\" srcset=\"https:\/\/www.grupolagunes.com\/wp-content\/uploads\/2017\/02\/miel.jpg 2000w, https:\/\/www.grupolagunes.com\/wp-content\/uploads\/2017\/02\/miel-300x137.jpg 300w, https:\/\/www.grupolagunes.com\/wp-content\/uploads\/2017\/02\/miel-768x349.jpg 768w, https:\/\/www.grupolagunes.com\/wp-content\/uploads\/2017\/02\/miel-1024x466.jpg 1024w\" sizes=\"(max-width: 2000px) 100vw, 2000px\" \/>\t\t\t\t\t\t\t\t\t\t\t\t\t\t<\/div>\n\t\t\t\t\t\t<\/div>\n\t\t\t\t<\/div>\n\t\t\t\t\t\t<\/div>\n\t\t\t\t\t<\/div>\n\t\t<\/div>\n\t\t\t\t\t\t\t\t<\/div>\n\t\t\t\t\t<\/div>\n\t\t<\/section>\n\t\t\t\t<section class=\"elementor-section elementor-top-section elementor-element elementor-element-oqjbopf elementor-section-boxed elementor-section-height-default elementor-section-height-default\" data-id=\"oqjbopf\" data-element_type=\"section\" data-settings=\"{&quot;background_background&quot;:&quot;classic&quot;}\">\n\t\t\t\t\t\t<div class=\"elementor-container elementor-column-gap-default\">\n\t\t\t\t\t\t\t<div class=\"elementor-row\">\n\t\t\t\t\t<div class=\"elementor-column elementor-col-100 elementor-top-column elementor-element elementor-element-kqqturx\" data-id=\"kqqturx\" data-element_type=\"column\" data-settings=\"{&quot;background_background&quot;:&quot;classic&quot;}\">\n\t\t\t<div class=\"elementor-column-wrap elementor-element-populated\">\n\t\t\t\t\t\t\t<div class=\"elementor-widget-wrap\">\n\t\t\t\t\t\t<div class=\"elementor-element elementor-element-xbodvof elementor-widget elementor-widget-heading\" data-id=\"xbodvof\" data-element_type=\"widget\" data-widget_type=\"heading.default\">\n\t\t\t\t<div class=\"elementor-widget-container\">\n\t\t\t<h2 class=\"elementor-heading-title elementor-size-default\">Miel naturel artisanal<\/h2>\t\t<\/div>\n\t\t\t\t<\/div>\n\t\t\t\t<div class=\"elementor-element elementor-element-oaecrqt elementor-widget-divider--view-line elementor-widget elementor-widget-divider\" data-id=\"oaecrqt\" data-element_type=\"widget\" data-widget_type=\"divider.default\">\n\t\t\t\t<div class=\"elementor-widget-container\">\n\t\t\t\t\t<div class=\"elementor-divider\">\n\t\t\t<span class=\"elementor-divider-separator\">\n\t\t\t\t\t\t<\/span>\n\t\t<\/div>\n\t\t\t\t<\/div>\n\t\t\t\t<\/div>\n\t\t\t\t<div class=\"elementor-element elementor-element-hmmfijd elementor-widget elementor-widget-heading\" data-id=\"hmmfijd\" data-element_type=\"widget\" data-widget_type=\"heading.default\">\n\t\t\t\t<div class=\"elementor-widget-container\">\n\t\t\t<h4 class=\"elementor-heading-title elementor-size-default\">Compl\u00e8tement naturel sans nuire ses propri\u00e9t\u00e9s<\/h4>\t\t<\/div>\n\t\t\t\t<\/div>\n\t\t\t\t\t\t<\/div>\n\t\t\t\t\t<\/div>\n\t\t<\/div>\n\t\t\t\t\t\t\t\t<\/div>\n\t\t\t\t\t<\/div>\n\t\t<\/section>\n\t\t\t\t<section class=\"elementor-section elementor-top-section elementor-element elementor-element-ouljibx elementor-section-content-middle elementor-reverse-mobile elementor-section-boxed elementor-section-height-default elementor-section-height-default\" data-id=\"ouljibx\" data-element_type=\"section\" data-settings=\"{&quot;background_background&quot;:&quot;classic&quot;}\">\n\t\t\t\t\t\t<div class=\"elementor-container elementor-column-gap-default\">\n\t\t\t\t\t\t\t<div class=\"elementor-row\">\n\t\t\t\t\t<div class=\"elementor-column elementor-col-50 elementor-top-column elementor-element elementor-element-bqdmrns\" data-id=\"bqdmrns\" data-element_type=\"column\">\n\t\t\t<div class=\"elementor-column-wrap elementor-element-populated\">\n\t\t\t\t\t\t\t<div class=\"elementor-widget-wrap\">\n\t\t\t\t\t\t<div class=\"elementor-element elementor-element-dtkiwtu elementor-widget elementor-widget-heading\" data-id=\"dtkiwtu\" data-element_type=\"widget\" data-widget_type=\"heading.default\">\n\t\t\t\t<div class=\"elementor-widget-container\">\n\t\t\t<h3 class=\"elementor-heading-title elementor-size-default\">Miel Naturel 100% artisanal<\/h3>\t\t<\/div>\n\t\t\t\t<\/div>\n\t\t\t\t<div class=\"elementor-element elementor-element-kuivlqw elementor-widget-divider--view-line elementor-widget elementor-widget-divider\" data-id=\"kuivlqw\" data-element_type=\"widget\" data-widget_type=\"divider.default\">\n\t\t\t\t<div class=\"elementor-widget-container\">\n\t\t\t\t\t<div class=\"elementor-divider\">\n\t\t\t<span class=\"elementor-divider-separator\">\n\t\t\t\t\t\t<\/span>\n\t\t<\/div>\n\t\t\t\t<\/div>\n\t\t\t\t<\/div>\n\t\t\t\t<div class=\"elementor-element elementor-element-hvtaqlg elementor-widget elementor-widget-text-editor\" data-id=\"hvtaqlg\" data-element_type=\"widget\" data-widget_type=\"text-editor.default\">\n\t\t\t\t<div class=\"elementor-widget-container\">\n\t\t\t\t\t\t\t\t<div class=\"elementor-text-editor elementor-clearfix\">\n\t\t\t\tNous avons toujours \u00e9t\u00e9 conscients de la grande t\u00e2che qu\u00b4accomplissent les abeilles \u00e0 la campagne.\r\n\r\nLe b\u00e9n\u00e9fice de son activit\u00e9, beaucoup plus loin que la simple pollinisation, r\u00e9percute sur toute la collectivit\u00e9, \u00e9tablissant ainsi un lien r\u00e9ciproque entre abeilles, environnement et agriculture qui doit \u00eatre amelior\u00e9.\r\n\r\nPour cela, depuis le d\u00e9but de notre activit\u00e9 nous avons favoris\u00e9 l\u00b4installation de ruches sur toutes nos terres, ce qui nous a permis d\u00b4appr\u00e9cier et \u00e9valuer par nous-m\u00eames le travail artisanal des apiculteurs, ainsi que conna\u00eetre et go\u00fbter quelques vari\u00e9t\u00e9s de miel les plus savoureuses.\r\n\r\n\u00c0 partir de ce moment, nous avons s\u00e9lectionn\u00e9 nos miels artisanaux Lagunes Gourmet, en prenant soin de toute l\u00b4\u00e9laboration. Un aliment totalement naturel avec toutes ses propri\u00e9t\u00e9s sans modification, transformation ou m\u00e9lange et qui refl\u00e8te strictement la qualit\u00e9 de nos produits.\r\n\r\nLe miel, en g\u00e9n\u00e9ral, a \u00e9t\u00e9 utilis\u00e9 depuis nos enc\u00eatres comme un des m\u00e9dicaments traditionnels. On indique aussi que le miel est anti-bact\u00e9rien, anti-oxydant, anti-inflammatoire et antiviraux.\t\t\t\t\t<\/div>\n\t\t\t\t\t\t<\/div>\n\t\t\t\t<\/div>\n\t\t\t\t\t\t<\/div>\n\t\t\t\t\t<\/div>\n\t\t<\/div>\n\t\t\t\t<div class=\"elementor-column elementor-col-50 elementor-top-column elementor-element elementor-element-wisrchf\" data-id=\"wisrchf\" data-element_type=\"column\">\n\t\t\t<div class=\"elementor-column-wrap elementor-element-populated\">\n\t\t\t\t\t\t\t<div class=\"elementor-widget-wrap\">\n\t\t\t\t\t\t<div class=\"elementor-element elementor-element-yaiojpg elementor-widget elementor-widget-image\" data-id=\"yaiojpg\" data-element_type=\"widget\" data-widget_type=\"image.default\">\n\t\t\t\t<div class=\"elementor-widget-container\">\n\t\t\t\t\t\t\t\t<div class=\"elementor-image\">\n\t\t\t\t\t\t\t\t\t\t\t\t<img src=\"https:\/\/www.grupolagunes.com\/wp-content\/uploads\/elementor\/thumbs\/ilustracion-miel-natural-n91mmff5v4os28q1lmcekk8u4ow9aqh5gweaytrqc0.png\" title=\"Miel natural espa\u00f1ola\" alt=\"Miel natural espa\u00f1ola\" \/>\t\t\t\t\t\t\t\t\t\t\t\t\t\t<\/div>\n\t\t\t\t\t\t<\/div>\n\t\t\t\t<\/div>\n\t\t\t\t\t\t<\/div>\n\t\t\t\t\t<\/div>\n\t\t<\/div>\n\t\t\t\t\t\t\t\t<\/div>\n\t\t\t\t\t<\/div>\n\t\t<\/section>\n\t\t\t\t<section class=\"elementor-section elementor-top-section elementor-element elementor-element-yhtakns elementor-section-boxed elementor-section-height-default elementor-section-height-default\" data-id=\"yhtakns\" data-element_type=\"section\" data-settings=\"{&quot;background_background&quot;:&quot;classic&quot;}\">\n\t\t\t\t\t\t<div class=\"elementor-container elementor-column-gap-default\">\n\t\t\t\t\t\t\t<div class=\"elementor-row\">\n\t\t\t\t\t<div class=\"elementor-column elementor-col-33 elementor-top-column elementor-element elementor-element-lxgiwum\" data-id=\"lxgiwum\" data-element_type=\"column\">\n\t\t\t<div class=\"elementor-column-wrap elementor-element-populated\">\n\t\t\t\t\t\t\t<div class=\"elementor-widget-wrap\">\n\t\t\t\t\t\t<div class=\"elementor-element elementor-element-baxmect elementor-widget elementor-widget-image\" data-id=\"baxmect\" data-element_type=\"widget\" data-widget_type=\"image.default\">\n\t\t\t\t<div class=\"elementor-widget-container\">\n\t\t\t\t\t\t\t\t<div class=\"elementor-image\">\n\t\t\t\t\t\t\t\t\t\t\t\t<img width=\"650\" height=\"650\" src=\"https:\/\/www.grupolagunes.com\/wp-content\/uploads\/2017\/02\/miel-azahar-1.png\" class=\"attachment-large size-large\" alt=\"\" loading=\"lazy\" srcset=\"https:\/\/www.grupolagunes.com\/wp-content\/uploads\/2017\/02\/miel-azahar-1.png 650w, https:\/\/www.grupolagunes.com\/wp-content\/uploads\/2017\/02\/miel-azahar-1-150x150.png 150w, https:\/\/www.grupolagunes.com\/wp-content\/uploads\/2017\/02\/miel-azahar-1-300x300.png 300w, https:\/\/www.grupolagunes.com\/wp-content\/uploads\/2017\/02\/miel-azahar-1-180x180.png 180w, https:\/\/www.grupolagunes.com\/wp-content\/uploads\/2017\/02\/miel-azahar-1-600x600.png 600w\" sizes=\"(max-width: 650px) 100vw, 650px\" \/>\t\t\t\t\t\t\t\t\t\t\t\t\t\t<\/div>\n\t\t\t\t\t\t<\/div>\n\t\t\t\t<\/div>\n\t\t\t\t<div class=\"elementor-element elementor-element-smrvuxv elementor-widget elementor-widget-heading\" data-id=\"smrvuxv\" data-element_type=\"widget\" data-widget_type=\"heading.default\">\n\t\t\t\t<div class=\"elementor-widget-container\">\n\t\t\t<h2 class=\"elementor-heading-title elementor-size-default\">Miel de Fleurs d\u00b4oranger<\/h2>\t\t<\/div>\n\t\t\t\t<\/div>\n\t\t\t\t<div class=\"elementor-element elementor-element-2u1jh7e elementor-widget elementor-widget-text-editor\" data-id=\"2u1jh7e\" data-element_type=\"widget\" data-widget_type=\"text-editor.default\">\n\t\t\t\t<div class=\"elementor-widget-container\">\n\t\t\t\t\t\t\t\t<div class=\"elementor-text-editor elementor-clearfix\">\n\t\t\t\t<p><strong>INGR\u00c9DIENTS:<\/strong> 100% miel naturel de fleurs d\u00b4oranger recolt\u00e9es en Espagne.<\/p><p><strong>DESCRIPTION:<\/strong> de couleur claire. Ar\u00f4me floral, doux au palais, qui nous rappelle la fleur d\u00b4oranger.<\/p><p>Source d\u00b4\u00e9nergie rapide et qui aide \u00e0 combattre la fatigue.<\/p><p>D\u00b4habitude, utilis\u00e9 pour calmer les probl\u00e8mes de nervosit\u00e9 et d\u00b4insomnie.<\/p><p><strong>PR\u00c9SENTATION:<\/strong> pot en verre avec bouchon type Twist-off pour une meilleure manipulation et conservation.<\/p><p><strong>MOD\u00c8LE:<\/strong> 270g<\/p><p><strong>CONSERVATION:<\/strong> conserver \u00e0 temp\u00e9rature ambiante dans un endroit frais et sec, \u00e1 l\u00b4\u00e9cart de la lumi\u00e8re.<\/p><p>D\u00fb \u00e0 sa grande puret\u00e9. il peut durcir avec le froid (la cristallisation est un processus naturel). Si vous le pr\u00e9f\u00e9rez liquide, chauffez-le lentement au bain-marie.<\/p>\t\t\t\t\t<\/div>\n\t\t\t\t\t\t<\/div>\n\t\t\t\t<\/div>\n\t\t\t\t\t\t<\/div>\n\t\t\t\t\t<\/div>\n\t\t<\/div>\n\t\t\t\t<div class=\"elementor-column elementor-col-33 elementor-top-column elementor-element elementor-element-ibhmfev\" data-id=\"ibhmfev\" data-element_type=\"column\">\n\t\t\t<div class=\"elementor-column-wrap elementor-element-populated\">\n\t\t\t\t\t\t\t<div class=\"elementor-widget-wrap\">\n\t\t\t\t\t\t<div class=\"elementor-element elementor-element-mawgdos elementor-widget elementor-widget-image\" data-id=\"mawgdos\" data-element_type=\"widget\" data-widget_type=\"image.default\">\n\t\t\t\t<div class=\"elementor-widget-container\">\n\t\t\t\t\t\t\t\t<div class=\"elementor-image\">\n\t\t\t\t\t\t\t\t\t\t\t\t<img width=\"650\" height=\"650\" src=\"https:\/\/www.grupolagunes.com\/wp-content\/uploads\/2017\/02\/miel-de-encina.png\" class=\"attachment-large size-large\" alt=\"Miel de encina Lagunes Gourmet\" loading=\"lazy\" srcset=\"https:\/\/www.grupolagunes.com\/wp-content\/uploads\/2017\/02\/miel-de-encina.png 650w, https:\/\/www.grupolagunes.com\/wp-content\/uploads\/2017\/02\/miel-de-encina-150x150.png 150w, https:\/\/www.grupolagunes.com\/wp-content\/uploads\/2017\/02\/miel-de-encina-300x300.png 300w, https:\/\/www.grupolagunes.com\/wp-content\/uploads\/2017\/02\/miel-de-encina-180x180.png 180w, https:\/\/www.grupolagunes.com\/wp-content\/uploads\/2017\/02\/miel-de-encina-600x600.png 600w\" sizes=\"(max-width: 650px) 100vw, 650px\" \/>\t\t\t\t\t\t\t\t\t\t\t\t\t\t<\/div>\n\t\t\t\t\t\t<\/div>\n\t\t\t\t<\/div>\n\t\t\t\t<div class=\"elementor-element elementor-element-asedljy elementor-widget elementor-widget-heading\" data-id=\"asedljy\" data-element_type=\"widget\" data-widget_type=\"heading.default\">\n\t\t\t\t<div class=\"elementor-widget-container\">\n\t\t\t<h2 class=\"elementor-heading-title elementor-size-default\">Miel de Ch\u00eane<\/h2>\t\t<\/div>\n\t\t\t\t<\/div>\n\t\t\t\t<div class=\"elementor-element elementor-element-qd66iok elementor-widget elementor-widget-text-editor\" data-id=\"qd66iok\" data-element_type=\"widget\" data-widget_type=\"text-editor.default\">\n\t\t\t\t<div class=\"elementor-widget-container\">\n\t\t\t\t\t\t\t\t<div class=\"elementor-text-editor elementor-clearfix\">\n\t\t\t\t<p><strong>INGR\u00c9DIENTS:<\/strong> 100% miel naturel de ch\u00eane recolt\u00e9 en Espagne.<\/p><p><strong>DESCRIPTION:<\/strong> de couleur ambre sombre. Ar\u00f4me floral, intense et persistent.<\/p><p>Source d\u00b4\u00e9nergie rapide et qui aide \u00e0 combattre la fatigue.<\/p><p>D\u00b4habitude, utilis\u00e9 pour calmer les probl\u00e8mes de diarrh\u00e9e, les maux de gorge, les blessures et les plaies.<\/p><p><strong>PR\u00c9SENTATION:<\/strong> pot en verre avec bouchon type Twist-off pour une meilleure manipulation et conservation.<\/p><p><strong>MOD\u00c8LE:<\/strong> 270g<\/p><p><strong>CONSERVATION:<\/strong> conserver \u00e0 temp\u00e9rature ambiante dans un endroit frais et sec, \u00e1 l\u00b4\u00e9cart de la lumi\u00e8re.<\/p><p>D\u00fb \u00e0 sa grande puret\u00e9, il peut durcir avec le froid (la cristallisation est un processus naturel) Si vous le pr\u00e9f\u00e9rez liquide, chauffez-le lentement au bain-marie.<\/p>\t\t\t\t\t<\/div>\n\t\t\t\t\t\t<\/div>\n\t\t\t\t<\/div>\n\t\t\t\t\t\t<\/div>\n\t\t\t\t\t<\/div>\n\t\t<\/div>\n\t\t\t\t<div class=\"elementor-column elementor-col-33 elementor-top-column elementor-element elementor-element-jfmuxoz\" data-id=\"jfmuxoz\" data-element_type=\"column\">\n\t\t\t<div class=\"elementor-column-wrap elementor-element-populated\">\n\t\t\t\t\t\t\t<div class=\"elementor-widget-wrap\">\n\t\t\t\t\t\t<div class=\"elementor-element elementor-element-fnrzolu elementor-widget elementor-widget-image\" data-id=\"fnrzolu\" data-element_type=\"widget\" data-widget_type=\"image.default\">\n\t\t\t\t<div class=\"elementor-widget-container\">\n\t\t\t\t\t\t\t\t<div class=\"elementor-image\">\n\t\t\t\t\t\t\t\t\t\t\t\t<img width=\"650\" height=\"650\" src=\"https:\/\/www.grupolagunes.com\/wp-content\/uploads\/2017\/02\/miel-multifloral-1.png\" class=\"attachment-large size-large\" alt=\"\" loading=\"lazy\" srcset=\"https:\/\/www.grupolagunes.com\/wp-content\/uploads\/2017\/02\/miel-multifloral-1.png 650w, https:\/\/www.grupolagunes.com\/wp-content\/uploads\/2017\/02\/miel-multifloral-1-150x150.png 150w, https:\/\/www.grupolagunes.com\/wp-content\/uploads\/2017\/02\/miel-multifloral-1-300x300.png 300w, https:\/\/www.grupolagunes.com\/wp-content\/uploads\/2017\/02\/miel-multifloral-1-180x180.png 180w, https:\/\/www.grupolagunes.com\/wp-content\/uploads\/2017\/02\/miel-multifloral-1-600x600.png 600w\" sizes=\"(max-width: 650px) 100vw, 650px\" \/>\t\t\t\t\t\t\t\t\t\t\t\t\t\t<\/div>\n\t\t\t\t\t\t<\/div>\n\t\t\t\t<\/div>\n\t\t\t\t<div class=\"elementor-element elementor-element-qpcvvue elementor-widget elementor-widget-heading\" data-id=\"qpcvvue\" data-element_type=\"widget\" data-widget_type=\"heading.default\">\n\t\t\t\t<div class=\"elementor-widget-container\">\n\t\t\t<h2 class=\"elementor-heading-title elementor-size-default\">Miel de toutes les fleurs<\/h2>\t\t<\/div>\n\t\t\t\t<\/div>\n\t\t\t\t<div class=\"elementor-element elementor-element-b7tcaed elementor-widget elementor-widget-text-editor\" data-id=\"b7tcaed\" data-element_type=\"widget\" data-widget_type=\"text-editor.default\">\n\t\t\t\t<div class=\"elementor-widget-container\">\n\t\t\t\t\t\t\t\t<div class=\"elementor-text-editor elementor-clearfix\">\n\t\t\t\t<p><strong>INGR\u00c9DIENTS:<\/strong> 100% miel naturel de toutes les fleurs recolt\u00e9es en Espagne.<\/p><p><strong>DESCRIPTION:<\/strong> miel que produisent les abeilles \u00e0 partir d\u00b4une grande vari\u00e9t\u00e9 de fleurs, sans aucune esp\u00e8ce en particulier.<\/p><p>Sa couleur et saveur peuvent varier, d\u00b4un ton ambr\u00e9 \u00e0 un ton plus sombre et d\u00b4une saveur plus douce \u00e0 une plus forte.<\/p><p>Source d\u00b4\u00e9nergie rapide et qui aide \u00e0 combattre la fatigue.<\/p><p>D\u00b4habitude, utilis\u00e9 pour calmer les probl\u00e8mes de diarrh\u00e9e, les maux de gorge, les blessures et les plaies.<\/p><p><strong>PR\u00c9SENTATION:<\/strong> pot en verre avec bouchon type Twist-off pour une meilleure manipulation et conservation.<\/p><p><strong>MOD\u00c8LE:<\/strong> 270g<\/p><p><strong>CONSERVATION:<\/strong> conserver \u00e0 temp\u00e9rature ambiante dans un endroit frais et sec, \u00e1 l\u00b4\u00e9cart de la lumi\u00e8re.<\/p><p>D\u00fb \u00e0 sa grande puret\u00e9, il peut durcir avec le froid (la cristallisation est un processus naturel) Si vous le pr\u00e9f\u00e9rez liquide, chauffez-le lentement au bain-marie.<\/p>\t\t\t\t\t<\/div>\n\t\t\t\t\t\t<\/div>\n\t\t\t\t<\/div>\n\t\t\t\t\t\t<\/div>\n\t\t\t\t\t<\/div>\n\t\t<\/div>\n\t\t\t\t\t\t\t\t<\/div>\n\t\t\t\t\t<\/div>\n\t\t<\/section>\n\t\t\t\t<section class=\"elementor-section elementor-top-section elementor-element elementor-element-6a2r03p elementor-section-boxed elementor-section-height-default elementor-section-height-default\" data-id=\"6a2r03p\" data-element_type=\"section\" data-settings=\"{&quot;background_background&quot;:&quot;classic&quot;}\">\n\t\t\t\t\t\t<div class=\"elementor-container elementor-column-gap-default\">\n\t\t\t\t\t\t\t<div class=\"elementor-row\">\n\t\t\t\t\t<div class=\"elementor-column elementor-col-100 elementor-top-column elementor-element elementor-element-dnkfe8e\" data-id=\"dnkfe8e\" data-element_type=\"column\">\n\t\t\t<div class=\"elementor-column-wrap elementor-element-populated\">\n\t\t\t\t\t\t\t<div class=\"elementor-widget-wrap\">\n\t\t\t\t\t\t<div class=\"elementor-element elementor-element-oes0a9l elementor-widget elementor-widget-text-editor\" data-id=\"oes0a9l\" data-element_type=\"widget\" data-widget_type=\"text-editor.default\">\n\t\t\t\t<div class=\"elementor-widget-container\">\n\t\t\t\t\t\t\t\t<div class=\"elementor-text-editor elementor-clearfix\">\n\t\t\t\t(*) La l\u00e9gislation en vigueur, interdit d\u00b4attribuer des caract\u00e9ristiques qui ne soient pas soutenues par de suffisantes preuves techniques ou scientifiques accr\u00e9dit\u00e9es, et sp\u00e9cifiquement reconnues par l\u00b4 Administration Sanitaire de l\u00b4Etat.\t\t\t\t\t<\/div>\n\t\t\t\t\t\t<\/div>\n\t\t\t\t<\/div>\n\t\t\t\t\t\t<\/div>\n\t\t\t\t\t<\/div>\n\t\t<\/div>\n\t\t\t\t\t\t\t\t<\/div>\n\t\t\t\t\t<\/div>\n\t\t<\/section>\n\t\t\t\t<section class=\"elementor-section elementor-top-section elementor-element elementor-element-pfbgvhh elementor-section-full_width elementor-section-height-min-height elementor-section-height-default elementor-section-items-middle\" data-id=\"pfbgvhh\" data-element_type=\"section\" data-settings=\"{&quot;background_background&quot;:&quot;classic&quot;}\">\n\t\t\t\t\t\t\t<div class=\"elementor-background-overlay\"><\/div>\n\t\t\t\t\t\t\t<div class=\"elementor-container elementor-column-gap-default\">\n\t\t\t\t\t\t\t<div class=\"elementor-row\">\n\t\t\t\t\t<div class=\"elementor-column elementor-col-100 elementor-top-column elementor-element elementor-element-yctdobs\" data-id=\"yctdobs\" data-element_type=\"column\">\n\t\t\t<div class=\"elementor-column-wrap elementor-element-populated\">\n\t\t\t\t\t\t\t<div class=\"elementor-widget-wrap\">\n\t\t\t\t\t\t<div class=\"elementor-element elementor-element-cggezkf elementor-view-default elementor-widget elementor-widget-icon\" data-id=\"cggezkf\" data-element_type=\"widget\" data-widget_type=\"icon.default\">\n\t\t\t\t<div class=\"elementor-widget-container\">\n\t\t\t\t\t<div class=\"elementor-icon-wrapper\">\n\t\t\t<div class=\"elementor-icon\">\n\t\t\t\t\t\t\t<i class=\"fa fa-comments-o\" aria-hidden=\"true\"><\/i>\n\t\t\t\t\t\t<\/div>\n\t\t<\/div>\n\t\t\t\t<\/div>\n\t\t\t\t<\/div>\n\t\t\t\t<div class=\"elementor-element elementor-element-ygamtse elementor-widget elementor-widget-heading\" data-id=\"ygamtse\" data-element_type=\"widget\" data-widget_type=\"heading.default\">\n\t\t\t\t<div class=\"elementor-widget-container\">\n\t\t\t<h2 class=\"elementor-heading-title elementor-size-default\">Tu aimerais distribuir nos produits?<\/h2>\t\t<\/div>\n\t\t\t\t<\/div>\n\t\t\t\t<div class=\"elementor-element elementor-element-kmnrjqi elementor-widget elementor-widget-heading\" data-id=\"kmnrjqi\" data-element_type=\"widget\" data-widget_type=\"heading.default\">\n\t\t\t\t<div class=\"elementor-widget-container\">\n\t\t\t<h2 class=\"elementor-heading-title elementor-size-default\">Contacte- nous pour plus d\u00b4information<\/h2>\t\t<\/div>\n\t\t\t\t<\/div>\n\t\t\t\t<div class=\"elementor-element elementor-element-fkpktsv elementor-align-center elementor-widget elementor-widget-button\" data-id=\"fkpktsv\" data-element_type=\"widget\" data-widget_type=\"button.default\">\n\t\t\t\t<div class=\"elementor-widget-container\">\n\t\t\t\t\t<div class=\"elementor-button-wrapper\">\n\t\t\t<a href=\"https:\/\/www.grupolagunes.com\/fr\/contact\/\" class=\"elementor-button-link elementor-button elementor-size-xl\" role=\"button\">\n\t\t\t\t\t\t<span class=\"elementor-button-content-wrapper\">\n\t\t\t\t\t\t<span class=\"elementor-button-text\">Contacter maintenant.<\/span>\n\t\t<\/span>\n\t\t\t\t\t<\/a>\n\t\t<\/div>\n\t\t\t\t<\/div>\n\t\t\t\t<\/div>\n\t\t\t\t\t\t<\/div>\n\t\t\t\t\t<\/div>\n\t\t<\/div>\n\t\t\t\t\t\t\t\t<\/div>\n\t\t\t\t\t<\/div>\n\t\t<\/section>\n\t\t\t\t<section class=\"elementor-section elementor-top-section elementor-element elementor-element-klxnqob elementor-section-content-top elementor-section-boxed elementor-section-height-default elementor-section-height-default\" data-id=\"klxnqob\" data-element_type=\"section\" data-settings=\"{&quot;background_background&quot;:&quot;classic&quot;}\">\n\t\t\t\t\t\t<div class=\"elementor-container elementor-column-gap-no\">\n\t\t\t\t\t\t\t<div class=\"elementor-row\">\n\t\t\t\t\t<div class=\"elementor-column elementor-col-25 elementor-top-column elementor-element elementor-element-oshkouh\" data-id=\"oshkouh\" data-element_type=\"column\">\n\t\t\t<div class=\"elementor-column-wrap elementor-element-populated\">\n\t\t\t\t\t\t\t<div class=\"elementor-widget-wrap\">\n\t\t\t\t\t\t<div class=\"elementor-element elementor-element-nvqnwrs elementor-widget elementor-widget-heading\" data-id=\"nvqnwrs\" data-element_type=\"widget\" data-widget_type=\"heading.default\">\n\t\t\t\t<div class=\"elementor-widget-container\">\n\t\t\t<h3 class=\"elementor-heading-title elementor-size-default\">Huile d\u00b4olive<\/h3>\t\t<\/div>\n\t\t\t\t<\/div>\n\t\t\t\t<div class=\"elementor-element elementor-element-vtedcuc elementor-widget elementor-widget-heading\" data-id=\"vtedcuc\" data-element_type=\"widget\" data-widget_type=\"heading.default\">\n\t\t\t\t<div class=\"elementor-widget-container\">\n\t\t\t<h3 class=\"elementor-heading-title elementor-size-default\">vierge extra<\/h3>\t\t<\/div>\n\t\t\t\t<\/div>\n\t\t\t\t<div class=\"elementor-element elementor-element-iqivmpi elementor-align-center elementor-widget elementor-widget-button\" data-id=\"iqivmpi\" data-element_type=\"widget\" data-widget_type=\"button.default\">\n\t\t\t\t<div class=\"elementor-widget-container\">\n\t\t\t\t\t<div class=\"elementor-button-wrapper\">\n\t\t\t<a href=\"https:\/\/www.grupolagunes.com\/fr\/gourmet\/huile-dolive-vierge-extra\/\" class=\"elementor-button-link elementor-button elementor-size-md\" role=\"button\">\n\t\t\t\t\t\t<span class=\"elementor-button-content-wrapper\">\n\t\t\t\t\t\t<span class=\"elementor-button-text\">D\u00e9couvrir l\u00b4huile d\u00b4olive<\/span>\n\t\t<\/span>\n\t\t\t\t\t<\/a>\n\t\t<\/div>\n\t\t\t\t<\/div>\n\t\t\t\t<\/div>\n\t\t\t\t\t\t<\/div>\n\t\t\t\t\t<\/div>\n\t\t<\/div>\n\t\t\t\t<div class=\"elementor-column elementor-col-25 elementor-top-column elementor-element elementor-element-nlrcjtw\" data-id=\"nlrcjtw\" data-element_type=\"column\">\n\t\t\t<div class=\"elementor-column-wrap elementor-element-populated\">\n\t\t\t\t\t\t\t<div class=\"elementor-widget-wrap\">\n\t\t\t\t\t\t<div class=\"elementor-element elementor-element-sfjfcdf elementor-widget elementor-widget-heading\" data-id=\"sfjfcdf\" data-element_type=\"widget\" data-widget_type=\"heading.default\">\n\t\t\t\t<div class=\"elementor-widget-container\">\n\t\t\t<h3 class=\"elementor-heading-title elementor-size-default\">Miel natural <\/h3>\t\t<\/div>\n\t\t\t\t<\/div>\n\t\t\t\t<div class=\"elementor-element elementor-element-eqilrtj elementor-widget elementor-widget-heading\" data-id=\"eqilrtj\" data-element_type=\"widget\" data-widget_type=\"heading.default\">\n\t\t\t\t<div class=\"elementor-widget-container\">\n\t\t\t<h3 class=\"elementor-heading-title elementor-size-default\">de ch\u00eane, de fleurs d\u00b4oranger et de fleurs.<\/h3>\t\t<\/div>\n\t\t\t\t<\/div>\n\t\t\t\t<div class=\"elementor-element elementor-element-ncmfjeb elementor-align-center elementor-widget elementor-widget-button\" data-id=\"ncmfjeb\" data-element_type=\"widget\" data-widget_type=\"button.default\">\n\t\t\t\t<div class=\"elementor-widget-container\">\n\t\t\t\t\t<div class=\"elementor-button-wrapper\">\n\t\t\t<a href=\"https:\/\/www.grupolagunes.com\/fr\/gourmet\/miel\/\" class=\"elementor-button-link elementor-button elementor-size-md\" role=\"button\">\n\t\t\t\t\t\t<span class=\"elementor-button-content-wrapper\">\n\t\t\t\t\t\t<span class=\"elementor-button-text\">D\u00e9couvrir les sortes de miel<\/span>\n\t\t<\/span>\n\t\t\t\t\t<\/a>\n\t\t<\/div>\n\t\t\t\t<\/div>\n\t\t\t\t<\/div>\n\t\t\t\t\t\t<\/div>\n\t\t\t\t\t<\/div>\n\t\t<\/div>\n\t\t\t\t<div class=\"elementor-column elementor-col-25 elementor-top-column elementor-element elementor-element-jqphjxh\" data-id=\"jqphjxh\" data-element_type=\"column\">\n\t\t\t<div class=\"elementor-column-wrap elementor-element-populated\">\n\t\t\t\t\t\t\t<div class=\"elementor-widget-wrap\">\n\t\t\t\t\t\t<div class=\"elementor-element elementor-element-wqebzrh elementor-widget elementor-widget-heading\" data-id=\"wqebzrh\" data-element_type=\"widget\" data-widget_type=\"heading.default\">\n\t\t\t\t<div class=\"elementor-widget-container\">\n\t\t\t<h3 class=\"elementor-heading-title elementor-size-default\">Safran 100% espagnol<\/h3>\t\t<\/div>\n\t\t\t\t<\/div>\n\t\t\t\t<div class=\"elementor-element elementor-element-chwdrga elementor-widget elementor-widget-heading\" data-id=\"chwdrga\" data-element_type=\"widget\" data-widget_type=\"heading.default\">\n\t\t\t\t<div class=\"elementor-widget-container\">\n\t\t\t<h3 class=\"elementor-heading-title elementor-size-default\">calidad superior - ISO CAT. I<\/h3>\t\t<\/div>\n\t\t\t\t<\/div>\n\t\t\t\t<div class=\"elementor-element elementor-element-wprzfgl elementor-align-center elementor-widget elementor-widget-button\" data-id=\"wprzfgl\" data-element_type=\"widget\" data-widget_type=\"button.default\">\n\t\t\t\t<div class=\"elementor-widget-container\">\n\t\t\t\t\t<div class=\"elementor-button-wrapper\">\n\t\t\t<a href=\"https:\/\/www.grupolagunes.com\/fr\/gourmet\/safran\/\" class=\"elementor-button-link elementor-button elementor-size-md\" role=\"button\">\n\t\t\t\t\t\t<span class=\"elementor-button-content-wrapper\">\n\t\t\t\t\t\t<span class=\"elementor-button-text\">D\u00e9couvrir le safran<\/span>\n\t\t<\/span>\n\t\t\t\t\t<\/a>\n\t\t<\/div>\n\t\t\t\t<\/div>\n\t\t\t\t<\/div>\n\t\t\t\t\t\t<\/div>\n\t\t\t\t\t<\/div>\n\t\t<\/div>\n\t\t\t\t<div class=\"elementor-column elementor-col-25 elementor-top-column elementor-element elementor-element-djekkus\" data-id=\"djekkus\" data-element_type=\"column\">\n\t\t\t<div class=\"elementor-column-wrap elementor-element-populated\">\n\t\t\t\t\t\t\t<div class=\"elementor-widget-wrap\">\n\t\t\t\t\t\t<div class=\"elementor-element elementor-element-erbxgli elementor-widget elementor-widget-heading\" data-id=\"erbxgli\" data-element_type=\"widget\" data-widget_type=\"heading.default\">\n\t\t\t\t<div class=\"elementor-widget-container\">\n\t\t\t<h3 class=\"elementor-heading-title elementor-size-default\">Viande de gibier<\/h3>\t\t<\/div>\n\t\t\t\t<\/div>\n\t\t\t\t<div class=\"elementor-element elementor-element-stvwfbi elementor-widget elementor-widget-heading\" data-id=\"stvwfbi\" data-element_type=\"widget\" data-widget_type=\"heading.default\">\n\t\t\t\t<div class=\"elementor-widget-container\">\n\t\t\t<h3 class=\"elementor-heading-title elementor-size-default\">\u00c9l\u00e9v\u00e9 en libert\u00e9<\/h3>\t\t<\/div>\n\t\t\t\t<\/div>\n\t\t\t\t<div class=\"elementor-element elementor-element-masvybq elementor-align-center elementor-widget elementor-widget-button\" data-id=\"masvybq\" data-element_type=\"widget\" data-widget_type=\"button.default\">\n\t\t\t\t<div class=\"elementor-widget-container\">\n\t\t\t\t\t<div class=\"elementor-button-wrapper\">\n\t\t\t<a href=\"https:\/\/www.grupolagunes.com\/fr\/gourmet\/viande-de-gibier\/\" class=\"elementor-button-link elementor-button elementor-size-md\" role=\"button\">\n\t\t\t\t\t\t<span class=\"elementor-button-content-wrapper\">\n\t\t\t\t\t\t<span class=\"elementor-button-text\">D\u00e9couvrir la viande<\/span>\n\t\t<\/span>\n\t\t\t\t\t<\/a>\n\t\t<\/div>\n\t\t\t\t<\/div>\n\t\t\t\t<\/div>\n\t\t\t\t\t\t<\/div>\n\t\t\t\t\t<\/div>\n\t\t<\/div>\n\t\t\t\t\t\t\t\t<\/div>\n\t\t\t\t\t<\/div>\n\t\t<\/section>\n\t\t\t\t\t\t\t\t\t<\/div>\n\t\t\t<\/div>\n\t\t\t\t\t<\/div>\n\t\t","protected":false},"excerpt":{"rendered":"<p>Miel naturel artisanal Compl\u00e8tement naturel sans nuire ses propri\u00e9t\u00e9s Miel Naturel 100% artisanal Nous avons toujours \u00e9t\u00e9 conscients de la grande t\u00e2che qu\u00b4accomplissent les abeilles \u00e0 la campagne. Le b\u00e9n\u00e9fice de son activit\u00e9, beaucoup plus loin que la simple pollinisation, r\u00e9percute sur toute la collectivit\u00e9, \u00e9tablissant ainsi un lien r\u00e9ciproque entre abeilles, environnement et agriculture &#8230; <a title=\"Miel\" class=\"read-more\" href=\"https:\/\/www.grupolagunes.com\/fr\/lagunes-gourmet\/miel\/\" aria-label=\"Plus sur Miel\">Leer m\u00e1s<\/a><\/p>\n","protected":false},"author":1,"featured_media":0,"parent":1565,"menu_order":0,"comment_status":"closed","ping_status":"closed","template":"","meta":{"generate_page_header":""},"yoast_head":"<!-- This site is optimized with the Yoast SEO plugin v16.0.2 - https:\/\/yoast.com\/wordpress\/plugins\/seo\/ -->\n<title>Miel naturel artisanal Lagunes Gourmet | Grupo Lagunes<\/title>\n<meta name=\"description\" content=\"Le miel naturel artisanal de Lagunes Gourmet est s\u00e9lectionn\u00e9 des ruches des propri\u00e9t\u00e9s de Lagunes, donnant un miel de fleurs d\u00b4oranger ,de ch\u00eane et de toutes fleurs.\" \/>\n<link rel=\"canonical\" href=\"https:\/\/www.grupolagunes.com\/fr\/lagunes-gourmet\/miel\/\" \/>\n<meta property=\"og:locale\" content=\"fr_FR\" \/>\n<meta property=\"og:type\" content=\"article\" \/>\n<meta property=\"og:title\" content=\"Miel naturel artisanal Lagunes Gourmet | Grupo Lagunes\" \/>\n<meta property=\"og:description\" content=\"Le miel naturel artisanal de Lagunes Gourmet est s\u00e9lectionn\u00e9 des ruches des propri\u00e9t\u00e9s de Lagunes, donnant un miel de fleurs d\u00b4oranger ,de ch\u00eane et de toutes fleurs.\" \/>\n<meta property=\"og:url\" content=\"https:\/\/www.grupolagunes.com\/fr\/lagunes-gourmet\/miel\/\" \/>\n<meta property=\"og:site_name\" content=\"Grupo Lagunes\" \/>\n<meta property=\"article:modified_time\" content=\"2017-10-27T07:52:44+00:00\" \/>\n<meta property=\"og:image\" content=\"https:\/\/www.grupolagunes.com\/wp-content\/uploads\/2017\/02\/miel.jpg\" \/>\n<meta name=\"twitter:card\" content=\"summary\" \/>\n<meta name=\"twitter:label1\" content=\"Dur\u00e9e de lecture est.\">\n\t<meta name=\"twitter:data1\" content=\"3 minutes\">\n<script type=\"application\/ld+json\" class=\"yoast-schema-graph\">{\"@context\":\"https:\/\/schema.org\",\"@graph\":[{\"@type\":\"WebSite\",\"@id\":\"https:\/\/www.grupolagunes.com\/#website\",\"url\":\"https:\/\/www.grupolagunes.com\/\",\"name\":\"Grupo Lagunes\",\"description\":\"Grupo Lagunes. Cinco generaciones vinculadas a la naturaleza y dedicados a la selecci\\u00f3n gen\\u00e9tica de ciervo y producto gourmet.\",\"potentialAction\":[{\"@type\":\"SearchAction\",\"target\":\"https:\/\/www.grupolagunes.com\/?s={search_term_string}\",\"query-input\":\"required name=search_term_string\"}],\"inLanguage\":\"fr-FR\"},{\"@type\":\"ImageObject\",\"@id\":\"https:\/\/www.grupolagunes.com\/fr\/lagunes-gourmet\/miel\/#primaryimage\",\"inLanguage\":\"fr-FR\",\"url\":\"https:\/\/www.grupolagunes.com\/wp-content\/uploads\/2017\/02\/miel.jpg\",\"width\":2000,\"height\":910,\"caption\":\"Miel espa\\u00f1ola 100% natural\"},{\"@type\":\"WebPage\",\"@id\":\"https:\/\/www.grupolagunes.com\/fr\/lagunes-gourmet\/miel\/#webpage\",\"url\":\"https:\/\/www.grupolagunes.com\/fr\/lagunes-gourmet\/miel\/\",\"name\":\"Miel naturel artisanal Lagunes Gourmet | Grupo Lagunes\",\"isPartOf\":{\"@id\":\"https:\/\/www.grupolagunes.com\/#website\"},\"primaryImageOfPage\":{\"@id\":\"https:\/\/www.grupolagunes.com\/fr\/lagunes-gourmet\/miel\/#primaryimage\"},\"datePublished\":\"2017-02-13T17:21:40+00:00\",\"dateModified\":\"2017-10-27T07:52:44+00:00\",\"description\":\"Le miel naturel artisanal de Lagunes Gourmet est s\\u00e9lectionn\\u00e9 des ruches des propri\\u00e9t\\u00e9s de Lagunes, donnant un miel de fleurs d\\u00b4oranger ,de ch\\u00eane et de toutes fleurs.\",\"breadcrumb\":{\"@id\":\"https:\/\/www.grupolagunes.com\/fr\/lagunes-gourmet\/miel\/#breadcrumb\"},\"inLanguage\":\"fr-FR\",\"potentialAction\":[{\"@type\":\"ReadAction\",\"target\":[\"https:\/\/www.grupolagunes.com\/fr\/lagunes-gourmet\/miel\/\"]}]},{\"@type\":\"BreadcrumbList\",\"@id\":\"https:\/\/www.grupolagunes.com\/fr\/lagunes-gourmet\/miel\/#breadcrumb\",\"itemListElement\":[{\"@type\":\"ListItem\",\"position\":1,\"item\":{\"@type\":\"WebPage\",\"@id\":\"https:\/\/www.grupolagunes.com\/fr\/\",\"url\":\"https:\/\/www.grupolagunes.com\/fr\/\",\"name\":\"Portada\"}},{\"@type\":\"ListItem\",\"position\":2,\"item\":{\"@type\":\"WebPage\",\"@id\":\"https:\/\/www.grupolagunes.com\/fr\/lagunes-gourmet\/\",\"url\":\"https:\/\/www.grupolagunes.com\/fr\/lagunes-gourmet\/\",\"name\":\"Gourmet\"}},{\"@type\":\"ListItem\",\"position\":3,\"item\":{\"@type\":\"WebPage\",\"@id\":\"https:\/\/www.grupolagunes.com\/fr\/lagunes-gourmet\/miel\/\",\"url\":\"https:\/\/www.grupolagunes.com\/fr\/lagunes-gourmet\/miel\/\",\"name\":\"Miel\"}}]}]}<\/script>\n<!-- \/ Yoast SEO plugin. -->","_links":{"self":[{"href":"https:\/\/www.grupolagunes.com\/fr\/wp-json\/wp\/v2\/pages\/1570"}],"collection":[{"href":"https:\/\/www.grupolagunes.com\/fr\/wp-json\/wp\/v2\/pages"}],"about":[{"href":"https:\/\/www.grupolagunes.com\/fr\/wp-json\/wp\/v2\/types\/page"}],"author":[{"embeddable":true,"href":"https:\/\/www.grupolagunes.com\/fr\/wp-json\/wp\/v2\/users\/1"}],"replies":[{"embeddable":true,"href":"https:\/\/www.grupolagunes.com\/fr\/wp-json\/wp\/v2\/comments?post=1570"}],"version-history":[{"count":3,"href":"https:\/\/www.grupolagunes.com\/fr\/wp-json\/wp\/v2\/pages\/1570\/revisions"}],"predecessor-version":[{"id":2161,"href":"https:\/\/www.grupolagunes.com\/fr\/wp-json\/wp\/v2\/pages\/1570\/revisions\/2161"}],"up":[{"embeddable":true,"href":"https:\/\/www.grupolagunes.com\/fr\/wp-json\/wp\/v2\/pages\/1565"}],"wp:attachment":[{"href":"https:\/\/www.grupolagunes.com\/fr\/wp-json\/wp\/v2\/media?parent=1570"}],"curies":[{"name":"wp","href":"https:\/\/api.w.org\/{rel}","templated":true}]}}